{"id":1209,"date":"2016-07-12T14:35:38","date_gmt":"2016-07-12T12:35:38","guid":{"rendered":"http:\/\/bkf.gdu.edu.az\/?page_id=1209"},"modified":"2016-07-12T14:41:32","modified_gmt":"2016-07-12T12:41:32","slug":"12-iyul-2016","status":"publish","type":"page","link":"https:\/\/bkf.gdu.edu.az\/?page_id=1209","title":{"rendered":"12 iyul 2016"},"content":{"rendered":"<div id=\"metaslider-id-1204\" style=\"max-width: 600px;\" class=\"ml-slider-3-60-1 metaslider metaslider-nivo metaslider-1204 ml-slider ms-theme-default\" role=\"region\" aria-roledescription=\"Slideshow\" aria-label=\"Elmi \u015fura 12\">\n    <div id=\"metaslider_container_1204\">\n        <div class='slider-wrapper theme-default'><div class='ribbon'><\/div><div id='metaslider_1204' class='nivoSlider'><img loading=\"lazy\" decoding=\"async\" src=\"https:\/\/bkf.gdu.edu.az\/wp-content\/uploads\/2016\/07\/DSC_6876-512x341.jpg\" height=\"400\" width=\"600\" alt=\"\" class=\"slider-1204 slide-1208\" \/><img loading=\"lazy\" decoding=\"async\" src=\"https:\/\/bkf.gdu.edu.az\/wp-content\/uploads\/2016\/07\/DSC_6869-512x341.jpg\" height=\"400\" width=\"600\" alt=\"\" class=\"slider-1204 slide-1206\" \/><img loading=\"lazy\" decoding=\"async\" src=\"https:\/\/bkf.gdu.edu.az\/wp-content\/uploads\/2016\/07\/DSC_6871-512x341.jpg\" height=\"400\" width=\"600\" alt=\"\" class=\"slider-1204 slide-1207\" \/><\/div><\/div>\n        \n    <\/div>\n<\/div>\n<p><strong>PROTOKOL \u2116 10<\/strong><br \/>\n<strong> B \u0130 L D \u0130 R \u0130 \u015e<\/strong><br \/>\n12 iyul 2016-c\u0131 il tarixd\u0259 saat 1200-da Biologiya-kimya fak\u00fclt\u0259sinin Elmi \u015furas\u0131n\u0131n iclas\u0131 olmu\u015fdur.<br \/>\n<strong>G\u00fcnd\u0259lik m\u0259s\u0259l\u0259l\u0259r<\/strong><br \/>\n1.Fak\u00fclt\u0259d\u0259 2016-2017-ci t\u0259dris ilin\u0259 dair apar\u0131lan haz\u0131rl\u0131q i\u015fl\u0259ri (dekan, dekan m\u00fcavini, kafedra m\u00fcdirl\u0259ri)<br \/>\n2.\u201cBurax\u0131l\u0131\u015f i\u015fi\u201d v\u0259 \u201cD\u00f6vl\u0259t imtahan\u0131\u201d \u00fc\u00e7\u00fcn attestasiya komissiya (2015-2016-c\u0131 t\u0259dris ilin\u0259 aid) s\u0259drl\u0259rinin hesabatlar\u0131n\u0131n m\u00fczakir\u0259 v\u0259 t\u0259sdiqi<br \/>\n3.Fak\u00fclt\u0259 elmi \u015furas\u0131n\u0131n 2016-2017-ci t\u0259dris ilinin I yar\u0131s\u0131 \u00fc\u00e7\u00fcn v\u0259 ixtisas kafedralar\u0131n\u0131n i\u015f planlar\u0131n\u0131n t\u0259sdiqi (dekan dos.\u0130.Alverdiyev)<br \/>\n4.Dekanl\u0131\u011f\u0131n 2016-2017-ci t\u0259dris ili \u00fc\u00e7\u00fcn i\u015f plan\u0131n\u0131n m\u00fczakir\u0259 v\u0259 t\u0259sdiqi<br \/>\n5. Fak\u00fclt\u0259 t\u0259dris metodik \u015furas\u0131n\u0131n, t\u0259rbiy\u0259 i\u015fl\u0259ri v\u0259 t\u0259l\u0259b\u0259 elmi c\u0259miyy\u0259tinin 2016-2017-ci t\u0259dris ili \u00fc\u00e7\u00fcn i\u015f planlar\u0131n\u0131n m\u00fczakir\u0259 v\u0259 t\u0259sdiqi<br \/>\n6.Professor-m\u00fc\u0259llim hey\u0259tinin se\u00e7kisi<br \/>\n7.Cari m\u0259s\u0259l\u0259l\u0259r (Ba\u015f m\u00fc\u0259lliml\u0259rin 2016-2017-ci t\u0259dris ili \u00fc\u00e7\u00fcn d\u0259rs y\u00fck\u00fcn\u00fcn t\u0259nziml\u0259nm\u0259si)<\/p>\n<p><strong>\u0130\u015eT\u0130RAK ED\u018fNL\u018fR:<\/strong><br \/>\n<strong> Elmi \u015fura \u00fczvl\u0259ri:<\/strong><br \/>\n1. Dos.\u0130.Alverdiyev<br \/>\n2. Dos.M.H\u0259s\u0259nov<br \/>\n3. Prof.V.Novruzov<br \/>\n4. Dos.V.M\u0259mm\u0259dova<br \/>\n5. Dos.Q.Qurbanov<br \/>\n6. Prof.S.\u018fhm\u0259dova<br \/>\n7. Dos.Z.\u0130smay\u0131lova<br \/>\n8. Dos.M.Qaz\u0131yev<br \/>\n9. Dos.A.Bayramova<br \/>\n10. B\/m.Y. Aslanova<br \/>\n11. Dos.E.C\u0259f\u0259rov<br \/>\n12. K.e.n.M.N\u0259biyev<br \/>\n13. Dos.M.V\u0259liyev<br \/>\n14. Prof.T.Ta\u011f\u0131yev<br \/>\n15. Dos.S.\u0130brahimli<br \/>\n16. Dos.T.R\u00fcst\u0259mova<br \/>\n17. B\/m.Z.\u018fliyeva<br \/>\n18.T.H\u0259s\u0259nzad\u0259<\/p>\n","protected":false},"excerpt":{"rendered":"<p>PROTOKOL \u2116 10 B \u0130 L D \u0130 R \u0130 \u015e 12 iyul 2016-c\u0131 il tarixd\u0259 saat 1200-da Biologiya-kimya fak\u00fclt\u0259sinin Elmi \u015furas\u0131n\u0131n iclas\u0131 olmu\u015fdur. G\u00fcnd\u0259lik m\u0259s\u0259l\u0259l\u0259r 1.Fak\u00fclt\u0259d\u0259 2016-2017-ci t\u0259dris ilin\u0259 dair apar\u0131lan haz\u0131rl\u0131q i\u015fl\u0259ri (dekan, dekan m\u00fcavini, kafedra m\u00fcdirl\u0259ri) 2.\u201cBurax\u0131l\u0131\u015f i\u015fi\u201d v\u0259 \u201cD\u00f6vl\u0259t imtahan\u0131\u201d \u00fc\u00e7\u00fcn attestasiya komissiya (2015-2016-c\u0131 t\u0259dris ilin\u0259 aid) s\u0259drl\u0259rinin hesabatlar\u0131n\u0131n m\u00fczakir\u0259 v\u0259 [&hellip;]<\/p>\n","protected":false},"author":3,"featured_media":1208,"parent":0,"menu_order":0,"comment_status":"closed","ping_status":"closed","template":"","meta":{"footnotes":""},"categories":[9],"tags":[],"_links":{"self":[{"href":"https:\/\/bkf.gdu.edu.az\/index.php?rest_route=\/wp\/v2\/pages\/1209"}],"collection":[{"href":"https:\/\/bkf.gdu.edu.az\/index.php?rest_route=\/wp\/v2\/pages"}],"about":[{"href":"https:\/\/bkf.gdu.edu.az\/index.php?rest_route=\/wp\/v2\/types\/page"}],"author":[{"embeddable":true,"href":"https:\/\/bkf.gdu.edu.az\/index.php?rest_route=\/wp\/v2\/users\/3"}],"replies":[{"embeddable":true,"href":"https:\/\/bkf.gdu.edu.az\/index.php?rest_route=%2Fwp%2Fv2%2Fcomments&post=1209"}],"version-history":[{"count":1,"href":"https:\/\/bkf.gdu.edu.az\/index.php?rest_route=\/wp\/v2\/pages\/1209\/revisions"}],"predecessor-version":[{"id":1210,"href":"https:\/\/bkf.gdu.edu.az\/index.php?rest_route=\/wp\/v2\/pages\/1209\/revisions\/1210"}],"wp:featuredmedia":[{"embeddable":true,"href":"https:\/\/bkf.gdu.edu.az\/index.php?rest_route=\/wp\/v2\/media\/1208"}],"wp:attachment":[{"href":"https:\/\/bkf.gdu.edu.az\/index.php?rest_route=%2Fwp%2Fv2%2Fmedia&parent=1209"}],"wp:term":[{"taxonomy":"category","embeddable":true,"href":"https:\/\/bkf.gdu.edu.az\/index.php?rest_route=%2Fwp%2Fv2%2Fcategories&post=1209"},{"taxonomy":"post_tag","embeddable":true,"href":"https:\/\/bkf.gdu.edu.az\/index.php?rest_route=%2Fwp%2Fv2%2Ftags&post=1209"}],"curies":[{"name":"wp","href":"https:\/\/api.w.org\/{rel}","templated":true}]}}