{"id":380,"date":"2016-04-11T14:49:23","date_gmt":"2016-04-11T12:49:23","guid":{"rendered":"http:\/\/bkf.gdu.edu.az\/?page_id=380"},"modified":"2024-01-29T14:02:06","modified_gmt":"2024-01-29T12:02:06","slug":"huseynova-elnar%c9%99-%c9%99lis-qizi","status":"publish","type":"page","link":"https:\/\/bkf.gdu.edu.az\/?page_id=380","title":{"rendered":"Ba\u015f m\u00fc\u0259llim H\u00fcseynova Elnar\u0259 \u018fli\u015f q\u0131z\u0131"},"content":{"rendered":"<p><a href=\"http:\/\/bkf.gdu.edu.az\/wp-content\/uploads\/2016\/04\/H\u00fcseynova-Elnar\u0259-\u018fli\u015f-q\u0131z\u0131-Laborant.jpg\"><img loading=\"lazy\" decoding=\"async\" class=\"size-full wp-image-381 alignleft\" src=\"http:\/\/bkf.gdu.edu.az\/wp-content\/uploads\/2016\/04\/H\u00fcseynova-Elnar\u0259-\u018fli\u015f-q\u0131z\u0131-Laborant.jpg\" alt=\"H\u00fcseynova Elnar\u0259 \u018fli\u015f q\u0131z\u0131, Laborant\" width=\"250\" height=\"376\" srcset=\"https:\/\/bkf.gdu.edu.az\/wp-content\/uploads\/2016\/04\/H\u00fcseynova-Elnar\u0259-\u018fli\u015f-q\u0131z\u0131-Laborant.jpg 250w, https:\/\/bkf.gdu.edu.az\/wp-content\/uploads\/2016\/04\/H\u00fcseynova-Elnar\u0259-\u018fli\u015f-q\u0131z\u0131-Laborant-199x300.jpg 199w\" sizes=\"(max-width: 250px) 100vw, 250px\" \/><\/a><\/p>\n<p><strong>QISA B\u0130OQRAF\u0130K M\u018fLUMAT<\/strong><\/p>\n<p>\u2022 01 may 1979-cu ild\u0259 K\u0259lb\u0259c\u0259r rayon Dalq\u0131l\u0131cl\u0131 k\u0259ndind\u0259 ziyal\u0131 ail\u0259sind\u0259 anadan olub. Subayd\u0131r.<br \/>\n<strong>T\u018fHSILI. ELMI D\u018fR\u018fC\u018fSI, ELM\u0130 ADLARI<\/strong><br \/>\n\u2022 1997-ci ild\u0259 K\u0259lb\u0259c\u0259r rayon 11 sayl\u0131 orta m\u0259kt\u0259bi bitirib.<br \/>\n\u2022 2004-cu ild\u0259 Az\u0259rbaycan D\u00f6vl\u0259t Aqrar Universitetinin Aqronomluq ixtisas\u0131 \u00fczr\u0259 bakalavr pilli\u0259sini bitirib.<br \/>\n\u2022 2006-ci ild\u0259 G\u0259nc\u0259 D\u00f6vl\u0259t Universitetinin Magistraturas\u0131n\u0131n Kimya-Biologiya fak\u00fclt\u0259sinin \u201cBotanika\u201d ixtisas\u0131n\u0131 f\u0259rql\u0259nm\u0259 il\u0259 bitirib.<br \/>\n\u2022 2013-2017-ci ill\u0259rd\u0259 Az\u0259rbaycan D\u00f6vl\u0259t Aqrar Universitetind\u0259 2411.02 \u201cBitki fiziologiyas\u0131\u201d ixtisas\u0131 \u00fczr\u0259 qiyabi doktoranturan\u0131 bitirib.<br \/>\n<strong>\u018fM\u018fK F\u018fAL\u0130YY\u018fT\u0130<\/strong><br \/>\n\u2022 2007-2014-c\u00fc ill\u0259rd\u0259 G\u0259nc\u0259 D\u00f6vl\u0259t Universitetinin Botanika kafedras\u0131nda \u2013 laborant<br \/>\n\u2022 2014-2021-ci ill\u0259rd\u0259 G\u0259nc\u0259 D\u00f6vl\u0259t Universitetinin Botanika kafedras\u0131nda &#8211; m\u00fc\u0259llim<br \/>\n\u2022 2021-ci ild\u0259n G\u0259nc\u0259 D\u00f6vl\u0259t Universitetinin Botanika kafedras\u0131nda-ba\u015f m\u00fc\u0259llim<br \/>\n\u201cBitki fiziologiyas\u0131\u201d, \u201cSitologiya\u201d f\u0259nnl\u0259ri \u00fczr\u0259 m\u00fchazir\u0259 v\u0259 laboratoriya d\u0259rsl\u0259ri t\u0259dris edir.<\/p>\n<p><strong>T\u018fDQ\u0130QAT SAH\u018fS\u0130<\/strong><br \/>\n\u2022 \u201cAz\u0259rbaycan\u0131n q\u0259rb b\u00f6lg\u0259sind\u0259 bu\u011fdan\u0131n m\u0259hsuldarl\u0131\u011f\u0131n\u0131n y\u00fcks\u0259ldilm\u0259sinin fizioloji-genetik x\u00fcsusiyy\u0259tl\u0259ri\u201d. m\u00f6vzusunda dissertasiya i\u015fini tamamlam\u0131\u015fd\u0131r.<br \/>\n\u2022 19 elmi \u0259s\u0259ri var.<\/p>\n<p><strong>BEYN\u018fLXALQ SEM\u0130NAR, S\u0130MPOZ\u0130UM V\u018f KONFRANSLARDA \u0130\u015eT\u0130RAKI<\/strong><br \/>\n\u2022 \u018frzaq t\u0259hl\u00fck\u0259sizliyinin t\u0259min edilm\u0259sind\u0259 bu\u011fda bitkisinin rolu \/\/ G\u00f6rk\u0259mli oftomoloq alim, akademik Z\u0259rif\u0259 \u018fliyevan\u0131n 90 illik yubileyin\u0259 h\u0259sr olunmu\u015f G\u0259nc Aliml\u0259rin v\u0259 T\u0259dqiqat\u00e7\u0131lar\u0131n III Beyn\u0259lxalq Elmi Konfrans. Bak\u0131, 2013, s.136-138.<br \/>\n\u2022 Bu\u011fda bitkisinin c\u00fcc\u0259rtil\u0259rin\u0259 stress amill\u0259rinin t\u0259sirinin \u00f6yr\u0259nilm\u0259si \/\/ Doktorantlar\u0131n v\u0259 G\u0259nc T\u0259dqiqat\u00e7\u0131lar\u0131n XVIII Respublika Elmi Konfrans. Bak\u0131, 2013, s.110-112.<br \/>\n\u2022 Bu\u011fda (Triticum L.) bitkisinin m\u0259hsuldarl\u0131\u011f\u0131na rizosferin t\u0259siri \/\/ Beyn\u0259lxalq Elmi-Praktik Konfrans. G\u0259nc\u0259, 2014, s. 98- 100.<br \/>\n\u2022 \u042d\u043a\u043e\u043b\u043e\u0433\u0438\u0447\u0435\u0441\u043a\u0438\u0435 \u0441\u0442\u0440\u0435\u0441\u0441 \u0444\u0430\u043a\u0442\u043e\u0440\u044b \u0438 \u0438\u0445 \u0432\u043e\u0437\u0434\u0435\u0439\u0441\u0442\u0432\u0438\u0435 \u043d\u0430 \u043f\u043e\u043a\u0430\u0437\u0430\u0442\u0435\u043b\u0438 \u043f\u0440\u043e\u0434\u0443\u043a\u0442\u0438\u0432\u043d\u043e\u0441\u0442\u0438 \u0440\u0430\u0441\u0442\u0435\u043d\u0438\u0439 \/\/ \u041c\u0435\u0436\u0434\u0443\u043d\u0430\u0440\u043e\u0434\u043d\u0430\u044f \u041d\u0430\u0443\u0447\u043d\u043e-\u041f\u0440\u0430\u043a\u0442\u0438\u0447\u0435\u0441\u043a\u0430\u044f \u041a\u043e\u043d\u0444\u0435\u0440\u0435\u043d\u0446\u0438\u044f \u041f\u0430\u043c\u044f\u0442\u0438 \u041f\u0440\u043e\u0444\u0435\u0441\u0441\u043e\u0440\u0430 \u0411.\u0425.\u0416\u0435\u0440\u0443\u043a\u043e\u0432\u0430. \u041d\u0430\u043b\u044a\u0447\u0438\u043a, 2013, c.34-35.<br \/>\n\u2022 \u0412\u043b\u0438\u044f\u043d\u0438\u0435 \u0441\u043e\u0440\u0442\u043e\u0432\u044b\u0445 \u043e\u0441\u043e\u0431\u0435\u043d\u043d\u043e\u0441\u0442\u0435\u0439 \u043a\u0443\u043b\u044c\u0442\u0443\u0440\u0430 \u043f\u0449\u0435\u043d\u0438\u0446\u044b \u043d\u0430 \u0444\u043e\u0440\u043c\u0438\u0440\u043e\u0432\u0430\u043d\u0438\u0435 \u0440\u0430\u0441\u0442\u0438\u0442\u0435\u043b\u0438\u043d\u043e-\u0440\u0438\u0437\u043e\u0441\u0444\u0435\u0440\u043d\u043e\u0433\u043e \u0441\u043e\u043e\u0431\u0449\u0435\u0441\u0442\u0432\u0430 \/\/ \u041c\u0430\u0442\u0435\u0440\u0438\u0430\u043b\u044b XII \u043c\u0435\u0436\u0434\u0443\u043d\u0430\u0440\u043e\u0434\u043d\u043e\u0439 \u043a\u043e\u043d\u0444\u0435\u0440\u0435\u043d\u0446\u0438\u0438. \u042f\u043b\u0442\u0430, 2016, c.187-191.<br \/>\n\u2022 Quraql\u0131q stresinin bu\u011fda bitkisinin m\u0259hsuldarl\u0131q elementl\u0259rin\u0259 t\u0259siri \/\/ \u00dcmumimilli lider Heyd\u0259r \u018fliyevin anadan olmas\u0131n\u0131n 94-cu ild\u00f6n\u00fcm\u00fcn\u0259 h\u0259sr olunmu\u015f Beyn\u0259lxalq Elmi Konfrans. G\u0259nc\u0259, 2017, s. 6-8.<\/p>\n<p><span style=\"color: initial;\">The De\u00adter\u00admi\u00adna\u00adti\u00adon of Qu\u00adan\u00adtity of Chlo\u00adrophyl\u00adlin the Whe\u00adat Sorts \/\/ The 3rd In\u00adter\u00adna\u00adtio\u00adnal Sympo\u00adsi\u00adum on Euro Asi\u00adan Bio\u00addi\u00adver\u00adsity. Minsk, 2017, p. 362.<\/span><\/p>\n<p><span style=\"color: initial;\">Qu\u00adraq\u00adl\u0131\u00ad\u011f\u0131n t\u0259\u00adsi\u00adrin\u00add\u0259n yum\u00ad\u015faq bu\u011f\u00adda (<\/span><em style=\"color: initial;\">Tri\u00adti\u00adcum aesti\u00ad\u00advum<\/em><span style=\"color: initial;\">) yar\u00adpaq\u00adla\u00adr\u0131n\u00adda xlo\u00adro\u00adfi\u00adlin miq\u00adda\u00adr\u0131\u00adn\u0131n d\u0259\u00adyi\u00ad\u015fil\u00adm\u0259\u00adsi \/\/ \u00dcmu\u00admi\u00admil\u00adli li\u00adder Hey\u00add\u0259r \u018fli\u00adye\u00advin ana\u00addan ol\u00adma\u00ads\u0131\u00adn\u0131n 95-ci il\u00add\u00f6\u00adn\u00fc\u00adm\u00fc\u00adn\u0259 h\u0259sr olun\u00admu\u015f Bey\u00adn\u0259l\u00adxalq El\u00admi Konf\u00adrans G\u0259n\u00adc\u0259, 2018, s. 75-78.<\/span><\/p>\n<p><span style=\"color: initial;\">\u0412\u043b\u0438\u044f\u043d\u0438\u0435 \u0437\u0430\u0441\u0443\u0445\u0438 \u043d\u0430 \u0444\u043e\u00ad\u0442\u043e\u0441\u0438\u043d\u0442\u0435\u0442\u0438\u0447\u0435\u0441\u043a\u0443\u044e \u0434\u0435\u044f\u0442\u0435\u043b\u044c\u043d\u043e\u0441\u0442\u044c \u0440\u0430\u0437\u043b\u0438\u0447\u043d\u044b\u0445 \u0441\u043e\u0440\u0442\u043e\u0432 \u043f\u0449\u0435\u043d\u0438\u00ad\u0446\u044b \/\/ \u041c\u0430\u0442\u0435\u0440\u0438\u0430\u043b\u044bXI\u00adII \u043c\u0435\u0436\u0434\u0443\u043d\u0430\u0440\u043e\u0434\u043d\u043e\u0439 \u043a\u043e\u043d\u0444\u0435\u0440\u0435\u043d\u0446\u0438\u0438. \u0421\u043e\u0447\u0438, 2018,260-263.<\/span><\/p>\n<p><span style=\"color: initial;\">Pro\u00adte\u00adin mar\u00adker\u00adl\u0259\u00adri \u0259sa\u00ads\u0131n\u00adda m\u00fcx\u00adt\u0259\u00adlif yum\u00ad\u015faq bu\u011f\u00adda (<\/span><em style=\"color: initial;\">aesti\u00advum L.) <\/em><span style=\"color: initial;\">sort\u00ad la\u00adr\u0131\u00adn\u0131n ge\u00adne\u00adtik iden\u00adti\u00adfi\u00adka\u00adsi\u00adya\u00ads\u0131\u00adn\u0131n t\u0259d\u00adqi\u00adqi\/\/ \u00dcmu\u00admi\u00admil\u00adli li\u00adder Hey\u00add\u0259r \u018fli\u00adye\u00advin ana\u00addan ol\u00adma\u00ads\u0131\u00adn\u0131n 96-c\u0131 il\u00add\u00f6\u00adn\u00fc\u00adm\u00fc\u00adn\u0259 h\u0259sr olun\u00admu\u015f Bey\u00adn\u0259l\u00adxalq El\u00admi Konf\u00adrans. G\u0259n\u00adc\u0259, 2019, s. 75-78.<\/span><\/p>\n<p><span style=\"color: initial;\">Bu\u011f\u00adda bit\u00adki\u00adsi\u00adnin qu\u00adraq\u00adl\u0131q stre\u00adsi\u00adn\u0259 da\u00advam\u00adl\u0131\u00adl\u0131\u00ad\u011f\u0131\u00adn\u0131n qiy\u00adm\u0259t\u00adl\u0259n\u00addi\u00adril\u00adm\u0259\u00adsi \/\/ Az\u0259r\u00adbay\u00adcan Mil\u00adli Elm\u00adl\u0259r Aka\u00adde\u00admi\u00adya\u00ads\u0131 Mik\u00adro\u00adbio\u00adlo\u00adgi\u00adya \u0130ns\u00adti\u00adtu\u00adtu G\u0259nc\u00adl\u0259r G\u00fc\u00adn\u00fc\u00adn\u0259 H\u0259sr olun\u00admu\u015f M\u00dcA\u00adS\u0130R B\u0130O\u00adLO\u00adG\u0130\u00adYA\u00adNIN AK\u00adTU\u00adAL PROB\u00adLEM\u00adL\u018f\u00adR\u0130 M\u00f6v\u00adzu\u00adsun\u00adda El\u00admi-Prak\u00adti\u00adki Konf\u00adran\u00ads. Ba\u00adk\u0131, 2019, s. 40-41.<\/span><\/p>\n<p><strong>SE\u00c7\u0130LM\u0130\u015e \u018fS\u018fRL\u018fR\u0130<\/strong><\/p>\n<p>\u0414\u0435\u0439\u0441\u0442\u0432\u0438\u0435 \u0437\u0430\u0433\u0440\u044f\u0437\u043d\u044f\u044e\u0449\u0438\u0445 \u0432\u0435\u0449\u0435\u0441\u0442\u0432 \u043d\u0430 \u0431\u0438\u043e\u0445\u0438\u00ad\u043c\u0438\u00ad\u0447\u0435\u0441\u00ad\u043a\u0438\u0435 \u0438 \u0444\u0438\u0437\u0438\u043e\u043b\u043e\u0433\u0438\u0447\u0435\u0441\u043a\u0438\u0435 \u043e\u0441\u043e\u0431\u0435\u043d\u00ad\u043d\u043e\u0441\u0442\u0438 \u043a\u0443\u043b\u044a\u0442\u0443\u0440 \u043f\u0448\u0435\u043d\u0438\u0446\u044b (Triticum) \u0438 \u043a\u0443\u043a\u0443\u0440\u0443\u0437\u044b (Zea mays) \/\/ Az\u0259rbay\u00adcan Milli Elml\u0259r Akademiyas\u0131 Mik\u00adro\u00adbiologiya \u0130nstitutu. Bak\u0131, s.231-235.<\/p>\n<p><span style=\"color: initial;\">\u0412\u043b\u0438\u044f\u043d\u0438\u0435 \u043e\u0440\u0433\u0430\u043d\u043e\u043c\u0438\u043d\u0435\u0440\u0430\u043b\u044c\u043d\u044b\u0445 \u0443\u0434\u043e\u0431\u0440\u0435\u043d\u0438\u0439 \u043d\u0430 \u043c\u0438\u043a\u0440\u043e\u0444\u043b\u043e\u0440\u0443 \u043f\u043e\u0447\u0432\u044b, \u0440\u043e\u0441\u0442 \u0438 \u0441\u043e\u0434\u0435\u0440\u00ad\u0436\u0430\u043d\u0438\u0435 \u0445\u043b\u043e\u0440\u043e\u0444\u0438\u043b\u043b\u0430 \u0432 \u043f\u0440\u043e\u0440\u043e\u0441\u0442\u00ad\u043a\u0430\u0445 \u043f\u0448\u0435\u043d\u0438\u0446\u044b \/\/ Az\u0259rbaycan Milli Elml\u0259r Akademiyas\u0131 Mikrobiologiya \u0130nstitutu\u00ad. Bak\u0131, s. 117-122.<\/span><\/p>\n<p><span style=\"color: initial;\">Pro\u00adla\u00admin z\u00fc\u00adlal mar\u00adker\u00adl\u0259\u00adri \u0259sa\u00ads\u0131n\u00adda yer\u00adli v\u0259 int\u00adro\u00adduk\u00ad\u00adsi\u00adya olun\u00admu\u015f yum\u00ad\u015faq bu\u011f\u00adda (<\/span><em style=\"color: initial;\">aesti\u00advum <\/em><span style=\"color: initial;\">L.) sort\u00adla\u00adr\u0131\u00adn\u0131n ge\u00adne\u00adtik ya\u00adx\u0131n\u00adl\u0131\u00ad\u011f\u0131\u00adn\u0131n \/\/ \u018fkin\u00ad\u00e7i\u00adlik El\u00admi-T\u0259d\u00adqi\u00adqat \u0130nis\u00adti\u00adtu\u00adtu\u00ad. Ba\u00adk\u0131, 2016. s.62- 69.<\/span><\/p>\n<p><span style=\"color: initial;\">Tarla \u015f\u0259raitind\u0259 bu\u011fda bitkisinin quraql\u0131q stresin\u0259 da\u00advaml\u0131l\u0131\u011f\u0131n\u0131n \u00f6yr\u0259nilm\u0259si \/\/ Az\u0259rbaycan D\u00f6vl\u0259t Aqrar Universiteti. G\u0259nc\u0259, 2018, 28-32.<\/span><\/p>\n<p><span style=\"color: initial;\">Yum\u00ad\u015faq bu\u011f\u00adda (<\/span><em style=\"color: initial;\">Tri\u00adti\u00adcum aesti\u00advum<\/em><span style=\"color: initial;\">) n\u00fc\u00admu\u00adn\u0259\u00adl\u0259\u00adri\u00adnin qu\u00adraq\u00adl\u0131\u00ad\u011fa da\u00advam\u00adl\u0131\u00adl\u0131\u00adg\u0131\u00adn\u0131n la\u00adbo\u00adra\u00adto\u00adri\u00adya \u015f\u0259\u00adrai\u00adtin\u00add\u0259 \u00f6y\u00adr\u0259\u00adnil\u00adm\u0259\u00adsi \/\/: Az\u0259r\u00adbay\u00adcan Mil\u00adli Elm\u00adl\u0259r Aka\u00adde\u00admi\u00adya\u00ads\u0131 G\u0259n\u00adc\u0259 B\u00f6l\u00adm\u0259\u00adsi. G\u0259n\u00adc\u0259, 2018, s.113-120.<\/span><\/p>\n<p><span style=\"color: initial;\">Com\u00adpa\u00adra\u00adti\u00adve analy\u00adsis of ge\u00adne\u00adtic di\u00adver\u00adsity of bre\u00adad whe\u00adat ge\u00adnoty\u00adpes ba\u00adsed on pro\u00adte\u00adin and DNA mar\u00adkers \/\/ Bul\u00adga\u00adri\u00adan Jo\u00adur\u00adnal of Ag\u00adri\u00adcul\u00adtu\u00adral Sci\u00aden\u00adce. So\u00adfia, &#8211; 2018, p. 1034-1041.<\/span><\/p>\n<p><span style=\"color: initial;\">Fi\u00adeld and la\u00adbo\u00adra\u00adtory stu\u00addi\u00ades of dro\u00adught re\u00adsis\u00adtan\u00adce of lo\u00adcal and int\u00adro\u00addu\u00adced com\u00admon whe\u00adat ge\u00adnoty\u00adpe (Tri\u00adti\u00adcum Aesti\u00advum L). Ag\u00adra\u00adri\u00adan Sci\u00aden\u00adce. Moskva, 2020, p.-111-114.<\/span><\/p>\n<p><span style=\"color: initial;\">Evaluation of drought resistance of soft wheat (<\/span><em style=\"color: initial;\">Triticum aestivum <\/em><span style=\"color: initial;\">) genotypes in field conditions by turgorometric method. Bulletin of Science and Practice. Russia, 2023, p.109-114<\/span><\/p>\n<p><strong>\u00a0<\/strong><strong>D\u0130L B\u0130LG\u0130S\u0130:<\/strong><\/p>\n<ul>\n<li>Az\u0259rbaycan. Rus, \u0130ngilis (l\u00fc\u011f\u0259tl\u0259)<\/li>\n<\/ul>\n","protected":false},"excerpt":{"rendered":"<p>QISA B\u0130OQRAF\u0130K M\u018fLUMAT \u2022 01 may 1979-cu ild\u0259 K\u0259lb\u0259c\u0259r rayon Dalq\u0131l\u0131cl\u0131 k\u0259ndind\u0259 ziyal\u0131 ail\u0259sind\u0259 anadan olub. Subayd\u0131r. T\u018fHSILI. ELMI D\u018fR\u018fC\u018fSI, ELM\u0130 ADLARI \u2022 1997-ci ild\u0259 K\u0259lb\u0259c\u0259r rayon 11 sayl\u0131 orta m\u0259kt\u0259bi bitirib. \u2022 2004-cu ild\u0259 Az\u0259rbaycan D\u00f6vl\u0259t Aqrar Universitetinin Aqronomluq ixtisas\u0131 \u00fczr\u0259 bakalavr pilli\u0259sini bitirib. \u2022 2006-ci ild\u0259 G\u0259nc\u0259 D\u00f6vl\u0259t Universitetinin Magistraturas\u0131n\u0131n Kimya-Biologiya fak\u00fclt\u0259sinin \u201cBotanika\u201d [&hellip;]<\/p>\n","protected":false},"author":1,"featured_media":5251,"parent":0,"menu_order":0,"comment_status":"closed","ping_status":"closed","template":"","meta":{"footnotes":""},"categories":[23],"tags":[],"_links":{"self":[{"href":"https:\/\/bkf.gdu.edu.az\/index.php?rest_route=\/wp\/v2\/pages\/380"}],"collection":[{"href":"https:\/\/bkf.gdu.edu.az\/index.php?rest_route=\/wp\/v2\/pages"}],"about":[{"href":"https:\/\/bkf.gdu.edu.az\/index.php?rest_route=\/wp\/v2\/types\/page"}],"author":[{"embeddable":true,"href":"https:\/\/bkf.gdu.edu.az\/index.php?rest_route=\/wp\/v2\/users\/1"}],"replies":[{"embeddable":true,"href":"https:\/\/bkf.gdu.edu.az\/index.php?rest_route=%2Fwp%2Fv2%2Fcomments&post=380"}],"version-history":[{"count":4,"href":"https:\/\/bkf.gdu.edu.az\/index.php?rest_route=\/wp\/v2\/pages\/380\/revisions"}],"predecessor-version":[{"id":5252,"href":"https:\/\/bkf.gdu.edu.az\/index.php?rest_route=\/wp\/v2\/pages\/380\/revisions\/5252"}],"wp:featuredmedia":[{"embeddable":true,"href":"https:\/\/bkf.gdu.edu.az\/index.php?rest_route=\/wp\/v2\/media\/5251"}],"wp:attachment":[{"href":"https:\/\/bkf.gdu.edu.az\/index.php?rest_route=%2Fwp%2Fv2%2Fmedia&parent=380"}],"wp:term":[{"taxonomy":"category","embeddable":true,"href":"https:\/\/bkf.gdu.edu.az\/index.php?rest_route=%2Fwp%2Fv2%2Fcategories&post=380"},{"taxonomy":"post_tag","embeddable":true,"href":"https:\/\/bkf.gdu.edu.az\/index.php?rest_route=%2Fwp%2Fv2%2Ftags&post=380"}],"curies":[{"name":"wp","href":"https:\/\/api.w.org\/{rel}","templated":true}]}}